{"id":324,"date":"2020-05-20T14:43:04","date_gmt":"2020-05-20T14:43:04","guid":{"rendered":"http:\/\/des-art-indigo-verona.ms.decms.eu\/?page_id=324"},"modified":"2026-01-26T15:43:32","modified_gmt":"2026-01-26T15:43:32","slug":"privacy-policy","status":"publish","type":"page","link":"https:\/\/www.indigoverona.com\/it\/privacy-policy\/","title":{"rendered":"Privacy"},"content":{"rendered":"<h3><u>INFORMATIVA SUL TRATTAMENTO DEI DATI PERSONALI<\/u><\/h3>\n<p>&nbsp;<\/p>\n<p><strong>TITOLARE DEL TRATTAMENTO<\/strong><\/p>\n<p>Il Titolare del trattamento \u00e8 HNH Hospitality Spa, con sede legale in Mestre, Via Saragat n\u00b01.<\/p>\n<p>Per l&#8217;esercizio dei diritti riconosciuti dal REGOLAMENTO (UE) 2016\/679 (di seguito \u201cGDPR\u201d o \u201cRegolamento\u201d) o per chiedere qualsiasi chiarimento relativo al trattamento dei dati personali, \u00e8 possibile contattare il Titolare ai seguenti recapiti: telefono 041 5321630, e-mail privacy@hnh.it.<\/p>\n<p>Il Titolare ha provveduto a designare il Responsabile della Protezione dei Dati, che \u00e8 raggiungibile al seguente recapito:\u00a0<a href=\"mailto:dpo@hnh.it\" target=\"_blank\" rel=\"noopener\">dpo@hnh.it<\/a><\/p>\n<p><strong>SICUREZZA<\/strong><\/p>\n<p>Il Titolare ha adottato misure tecniche e organizzative tali da garantire un livello di sicurezza adeguato al rischio e al rispetto della normativa sul trattamento dei dati personali.<\/p>\n<p><strong>\u00a0<\/strong><\/p>\n<h4>INFORMAZIONI SUI TIPI DI DATI TRATTATI<\/h4>\n<p><strong>\u00a0<\/strong><\/p>\n<h4>A) <u>DATI DI NAVIGAZIONE<\/u><\/h4>\n<p>Durante la navigazione sul Sito vengono trattati una serie di dati personali quali indirizzi IP o nomi a dominio dei computer utilizzati dagli utenti, pagina web di provenienza e di uscita, indirizzi URI\/URL delle risorse richieste, data e orario della visita, informazioni relative al sistema operativo e al browser dell&#8217;interessato, nonch\u00e9 ulteriori dati tecnici relativi alla navigazione.<\/p>\n<h4>Finalit\u00e0 e base giuridica del trattamento (GDPR Art. 13, paragrafo 1, lett. c)<\/h4>\n<p>Il trattamento di tali dati &#8211; in forma automatizzata e aggregata &#8211; viene effettuato esclusivamente per finalit\u00e0 inerenti la gestione e l\u2019amministrazione del Sito, nonch\u00e9 per scopi statistici. <strong>I dati potrebbero, inoltre, essere utilizzati per l\u2019accertamento di responsabilit\u00e0 in caso di reati informatici ai danni del Sito e\/o di altri illeciti. <\/strong><\/p>\n<p>La base giuridica \u00e8 il legittimo interesse del Titolare (art. 6, par.1, lett. f, GDPR).<\/p>\n<p><strong>Ambito di comunicazione (GDPR Art. 13, paragrafo 1, lett. e, f)<\/strong><\/p>\n<p>I dati sono trattati esclusivamente da personale regolarmente autorizzato e istruito al trattamento, nonch\u00e9 dai fornitori dei servizi informatici coinvolti nella gestione del Sito, identificati quale responsabili del trattamento.<\/p>\n<p>I dati non vengono diffusi e\/o trasferiti al di fuori dello Spazio Economico Europeo.<\/p>\n<p><strong>Periodo di conservazione dei dati (GDPR Art. 13, paragrafo 2, lett. a)<\/strong><\/p>\n<p><strong>Salve necessit\u00e0 in caso di indagini conseguenti a fatti illeciti o a malfunzionamenti, i dati generalmente non persistono per pi\u00f9 di 7 giorni<\/strong><strong>.<\/strong><\/p>\n<p><strong>Conferimento (GDPR Art. 13, paragrafo 2, lett. e)<\/strong><\/p>\n<p><strong>I dati non sono conferiti dall\u2019Interessato, ma acquisiti automaticamente dai sistemi tecnologici del Sito.<\/strong><\/p>\n<p><strong>\u00a0<\/strong><\/p>\n<ol>\n<li><strong>B) <u>RICHIESTE DI CONTATTO<\/u><\/strong><\/li>\n<\/ol>\n<p>L\u2019invio di messaggi agli indirizzi presenti sul Sito e\/o l\u2019utilizzo dei form di contatto comporta l&#8217;acquisizione e il trattamento da parte del Titolare dei dati di contatto del mittente, necessari a rispondere, nonch\u00e9 di tutti i dati personali inclusi nel testo.<\/p>\n<p><strong>Finalit\u00e0 e base giuridica del trattamento (GDPR Art. 13, paragrafo 1, lett. c)<\/strong><\/p>\n<p>Vengono richiesti dati di contatto che sono trattati per fornire una risposta e\/o contattare l&#8217;interessato. La base giuridica del trattamento \u00e8 l\u2019esecuzione di misure precontrattuali adottate su richiesta dell\u2019Interessato (art. 6, par.1, lett. b, GDPR).<\/p>\n<p><strong>Ambito di comunicazione (GDPR Art. 13, paragrafo 1, lett. e, f)<\/strong><\/p>\n<p>I dati sono trattati esclusivamente da soggetti regolarmente autorizzati e istruiti al trattamento.<\/p>\n<p>I dati non vengono diffusi e\/o trasferiti al di fuori dello Spazio Economico Europeo.<\/p>\n<p><strong>Periodo di conservazione dei dati (GDPR Art. 13, paragrafo 2, lett. a)<\/strong><\/p>\n<p>Di norma, i dati sono conservati per il tempo necessario a rispondere all&#8217;Interessato. Pi\u00f9 in generale i dati saranno conservati per un periodo individuato secondo criteri di stretta necessit\u00e0 in ragione delle diverse finalit\u00e0 perseguite e, comunque, nel rispetto della vigente normativa in materia di protezione dei dati personali e secondo logiche di tutela dei diritti del Titolare (termini di prescrizione di cui al Codice Civile).<\/p>\n<p><strong>Conferimento (GDPR Art. 13, paragrafo 2, lett. e)<\/strong><\/p>\n<p>Il mancato conferimento dei dati comporter\u00e0 l\u2019impossibilit\u00e0 di ricevere riscontro alle proprie richieste.<\/p>\n<p><strong>\u00a0<\/strong><\/p>\n<ol>\n<li><strong>C) <u>ISCRIZIONE ALLA NEWSLETTER<\/u><\/strong><\/li>\n<\/ol>\n<p>L\u2019iscrizione volontaria e facoltativa alla newsletter comporta il trattamento dei dati di contatto dell\u2019Interessato per l\u2019invio di periodiche comunicazioni elettroniche inerenti l\u2019attivit\u00e0, i servizi e le offerte del Titolare.<\/p>\n<p><strong>Finalit\u00e0 e base giuridica del trattamento (GDPR Art. 13, paragrafo 1, lett. c)<\/strong><\/p>\n<p>La finalit\u00e0 \u00e8 perfezionare l\u2019iscrizione alla newsletter per ricevere periodiche comunicazioni elettroniche inerenti l\u2019attivit\u00e0, i servizi e le offerte del Titolare. La base giuridica del trattamento \u00e8 il consenso dell\u2019Interessato (art. 6, par.1, lett. a, GDPR).<\/p>\n<p><strong>Ambito di comunicazione (GDPR Art. 13, paragrafo 1, lett. e, f)<\/strong><\/p>\n<p>I dati sono trattati esclusivamente da soggetti regolarmente autorizzati e istruiti al trattamento e da fornitori esterni individuati come Responsabili del trattamento.<\/p>\n<p>Il Titolare garantisce che, di regola, nell&#8217;erogazione del servizio, i dati personali non saranno trasferiti al di fuori dello Spazio Economico Europeo (SEE). Qualora si rendesse necessario un trasferimento di dati al di fuori del SEE, anche in relazione alle operazioni svolte da eventuali sub responsabili, questo avverr\u00e0 nel pieno rispetto delle disposizioni previste nel Capo V del GDPR, garantendo un adeguato livello di protezione dei dati trasferiti.<\/p>\n<p><strong>Periodo di conservazione dei dati (GDPR Art. 13, paragrafo 2, lett. a)<\/strong><\/p>\n<p>I dati saranno conservati sino alla richiesta di cancellazione da parte dell\u2019Interessato.<\/p>\n<p><strong>Conferimento (GDPR Art. 13, paragrafo 2, lett. e)<\/strong><\/p>\n<p>Il mancato conferimento dei dati obbligatori comporter\u00e0 l\u2019impossibilit\u00e0 di iscriversi alla newsletter da parte dell\u2019Interessato.<\/p>\n<p>&nbsp;<\/p>\n<h4>DIRITTI DELL&#8217;INTERESSATO<\/h4>\n<p>Ai sensi degli artt. 15 e ss. GDPR, con riferimento ai dati personali che lo riguardano, l&#8217;Interessato ha diritto di:<\/p>\n<ul>\n<li>chiedere al Titolare del trattamento l&#8217;accesso ed ottenerne copia, nonch\u00e9 conoscerne finalit\u00e0, periodo di conservazione ed eventuali destinatari;<\/li>\n<li>ottenere la rettifica dei dati personali inesatti e l&#8217;integrazione di quelli incompleti, senza ingiustificato ritardo;<\/li>\n<li>ottenere la limitazione del trattamento, nelle ipotesi previste dall&#8217;art. 18 GDPR, alla sola conservazione o alle sole operazioni per le quali sia prestato esplicito consenso, nonch\u00e9 alle ipotesi in cui esso sia necessario alla salvaguardia di diritti in sede giudiziaria, alla tutela di interessi pubblici o di diritti di terzi soggetti;<\/li>\n<li>ottenerne la cancellazione, senza ingiustificato ritardo, qualora:<\/li>\n<li>i dati non siano pi\u00f9 necessari per le finalit\u00e0 indicate;<\/li>\n<li>sia stato revocato il consenso al trattamento;<\/li>\n<li>i dati siano stati trattati illecitamente;<\/li>\n<li>la cancellazione sia necessaria per adempiere ad un obbligo di legge e nelle altre ipotesi previste dall&#8217;art 17 GDPR;<\/li>\n<li>opporsi al trattamento dei dati personali che lo riguardano, ai sensi dell&#8217;art. 21 GDPR, in particolare a quello avente finalit\u00e0 di marketing diretto, con conseguente impossibilit\u00e0 di trattare ulteriormente i dati per tale scopo;<\/li>\n<li>ricevere, dal Titolare del trattamento, i dati senza impedimenti, in un formato strutturato di uso comune, leggibile da dispositivo automatico, al fine di trasmetterli ad altro titolare (c.d. diritto alla portabilit\u00e0);<\/li>\n<li>revocare in qualsiasi momento il consenso al trattamento dei dati gi\u00e0 prestato, senza che ci\u00f2 pregiudichi la liceit\u00e0 del trattamento sino a tale momento espletato;<\/li>\n<\/ul>\n<p>L&#8217;esercizio dei predetti diritti pu\u00f2 essere espletato contattando il Titolare del trattamento ai recapiti indicati.<\/p>\n<p>&nbsp;<\/p>\n<h4>DIRITTO DI RECLAMO<\/h4>\n<p>L&#8217;interessato che ritenga che il trattamento dei suoi dati personali avvenga in violazione di quanto previsto dal GDPR, ha il diritto di proporre reclamo alla competente autorit\u00e0 di controllo.<\/p>\n","protected":false},"excerpt":{"rendered":"<p>INFORMATIVA SUL TRATTAMENTO DEI DATI PERSONALI &nbsp; TITOLARE DEL TRATTAMENTO Il Titolare del trattamento \u00e8 HNH Hospitality Spa, con sede legale in Mestre, Via Saragat n\u00b01. Per l&#8217;esercizio dei diritti riconosciuti dal REGOLAMENTO (UE) 2016\/679 (di seguito \u201cGDPR\u201d o \u201cRegolamento\u201d) o per chiedere qualsiasi chiarimento relativo al trattamento dei dati personali, \u00e8 possibile contattare il [&hellip;]<\/p>\n","protected":false},"author":7,"featured_media":0,"parent":0,"menu_order":900,"comment_status":"closed","ping_status":"closed","template":"","meta":{"footnotes":""},"class_list":["post-324","page","type-page","status-publish","hentry"],"yoast_head":"<!-- This site is optimized with the Yoast SEO plugin v26.9 - https:\/\/yoast.com\/product\/yoast-seo-wordpress\/ -->\n<title>Privacy - Hotel Indigo Verona - Grand Hotel Des Arts<\/title>\n<meta name=\"description\" content=\"Privacy policy del sito web di Hotel Indigo Verona - Grand Hotel Des Arts. Informativa sul trattamento dei dati personali ai sensi del Regolamento (UE) 679\/2016.\" \/>\n<meta name=\"robots\" content=\"index, follow, max-snippet:-1, max-image-preview:large, max-video-preview:-1\" \/>\n<link rel=\"canonical\" href=\"https:\/\/www.indigoverona.com\/it\/privacy-policy\/\" \/>\n<meta property=\"og:locale\" content=\"it_IT\" \/>\n<meta property=\"og:type\" content=\"article\" \/>\n<meta property=\"og:title\" content=\"Privacy - Hotel Indigo Verona - Grand Hotel Des Arts\" \/>\n<meta property=\"og:description\" content=\"Privacy policy del sito web di Hotel Indigo Verona - Grand Hotel Des Arts. Informativa sul trattamento dei dati personali ai sensi del Regolamento (UE) 679\/2016.\" \/>\n<meta property=\"og:url\" content=\"https:\/\/www.indigoverona.com\/it\/privacy-policy\/\" \/>\n<meta property=\"og:site_name\" content=\"Hotel Indigo Verona - Grand Hotel Des Arts\" \/>\n<meta property=\"article:modified_time\" content=\"2026-01-26T15:43:32+00:00\" \/>\n<meta name=\"twitter:card\" content=\"summary_large_image\" \/>\n<meta name=\"twitter:label1\" content=\"Tempo di lettura stimato\" \/>\n\t<meta name=\"twitter:data1\" content=\"5 minuti\" \/>\n<script type=\"application\/ld+json\" class=\"yoast-schema-graph\">{\"@context\":\"https:\/\/schema.org\",\"@graph\":[{\"@type\":\"WebPage\",\"@id\":\"https:\/\/www.indigoverona.com\/it\/privacy-policy\/\",\"url\":\"https:\/\/www.indigoverona.com\/it\/privacy-policy\/\",\"name\":\"Privacy - Hotel Indigo Verona - Grand Hotel Des Arts\",\"isPartOf\":{\"@id\":\"https:\/\/www.indigoverona.com\/it\/#website\"},\"datePublished\":\"2020-05-20T14:43:04+00:00\",\"dateModified\":\"2026-01-26T15:43:32+00:00\",\"description\":\"Privacy policy del sito web di Hotel Indigo Verona - Grand Hotel Des Arts. Informativa sul trattamento dei dati personali ai sensi del Regolamento (UE) 679\/2016.\",\"breadcrumb\":{\"@id\":\"https:\/\/www.indigoverona.com\/it\/privacy-policy\/#breadcrumb\"},\"inLanguage\":\"it-IT\",\"potentialAction\":[{\"@type\":\"ReadAction\",\"target\":[\"https:\/\/www.indigoverona.com\/it\/privacy-policy\/\"]}]},{\"@type\":\"BreadcrumbList\",\"@id\":\"https:\/\/www.indigoverona.com\/it\/privacy-policy\/#breadcrumb\",\"itemListElement\":[{\"@type\":\"ListItem\",\"position\":1,\"name\":\"Home\",\"item\":\"https:\/\/www.indigoverona.com\/it\/\"},{\"@type\":\"ListItem\",\"position\":2,\"name\":\"Privacy\"}]},{\"@type\":\"WebSite\",\"@id\":\"https:\/\/www.indigoverona.com\/it\/#website\",\"url\":\"https:\/\/www.indigoverona.com\/it\/\",\"name\":\"Hotel Indigo Verona - Grand Hotel Des Arts\",\"description\":\"Just another ms.decms.eu site\",\"potentialAction\":[{\"@type\":\"SearchAction\",\"target\":{\"@type\":\"EntryPoint\",\"urlTemplate\":\"https:\/\/www.indigoverona.com\/it\/?s={search_term_string}\"},\"query-input\":{\"@type\":\"PropertyValueSpecification\",\"valueRequired\":true,\"valueName\":\"search_term_string\"}}],\"inLanguage\":\"it-IT\"}]}<\/script>\n<!-- \/ Yoast SEO plugin. -->","yoast_head_json":{"title":"Privacy - Hotel Indigo Verona - Grand Hotel Des Arts","description":"Privacy policy del sito web di Hotel Indigo Verona - Grand Hotel Des Arts. Informativa sul trattamento dei dati personali ai sensi del Regolamento (UE) 679\/2016.","robots":{"index":"index","follow":"follow","max-snippet":"max-snippet:-1","max-image-preview":"max-image-preview:large","max-video-preview":"max-video-preview:-1"},"canonical":"https:\/\/www.indigoverona.com\/it\/privacy-policy\/","og_locale":"it_IT","og_type":"article","og_title":"Privacy - Hotel Indigo Verona - Grand Hotel Des Arts","og_description":"Privacy policy del sito web di Hotel Indigo Verona - Grand Hotel Des Arts. Informativa sul trattamento dei dati personali ai sensi del Regolamento (UE) 679\/2016.","og_url":"https:\/\/www.indigoverona.com\/it\/privacy-policy\/","og_site_name":"Hotel Indigo Verona - Grand Hotel Des Arts","article_modified_time":"2026-01-26T15:43:32+00:00","twitter_card":"summary_large_image","twitter_misc":{"Tempo di lettura stimato":"5 minuti"},"schema":{"@context":"https:\/\/schema.org","@graph":[{"@type":"WebPage","@id":"https:\/\/www.indigoverona.com\/it\/privacy-policy\/","url":"https:\/\/www.indigoverona.com\/it\/privacy-policy\/","name":"Privacy - Hotel Indigo Verona - Grand Hotel Des Arts","isPartOf":{"@id":"https:\/\/www.indigoverona.com\/it\/#website"},"datePublished":"2020-05-20T14:43:04+00:00","dateModified":"2026-01-26T15:43:32+00:00","description":"Privacy policy del sito web di Hotel Indigo Verona - Grand Hotel Des Arts. Informativa sul trattamento dei dati personali ai sensi del Regolamento (UE) 679\/2016.","breadcrumb":{"@id":"https:\/\/www.indigoverona.com\/it\/privacy-policy\/#breadcrumb"},"inLanguage":"it-IT","potentialAction":[{"@type":"ReadAction","target":["https:\/\/www.indigoverona.com\/it\/privacy-policy\/"]}]},{"@type":"BreadcrumbList","@id":"https:\/\/www.indigoverona.com\/it\/privacy-policy\/#breadcrumb","itemListElement":[{"@type":"ListItem","position":1,"name":"Home","item":"https:\/\/www.indigoverona.com\/it\/"},{"@type":"ListItem","position":2,"name":"Privacy"}]},{"@type":"WebSite","@id":"https:\/\/www.indigoverona.com\/it\/#website","url":"https:\/\/www.indigoverona.com\/it\/","name":"Hotel Indigo Verona - Grand Hotel Des Arts","description":"Just another ms.decms.eu site","potentialAction":[{"@type":"SearchAction","target":{"@type":"EntryPoint","urlTemplate":"https:\/\/www.indigoverona.com\/it\/?s={search_term_string}"},"query-input":{"@type":"PropertyValueSpecification","valueRequired":true,"valueName":"search_term_string"}}],"inLanguage":"it-IT"}]}},"acf":[],"_links":{"self":[{"href":"https:\/\/www.indigoverona.com\/it\/wp-json\/wp\/v2\/pages\/324","targetHints":{"allow":["GET"]}}],"collection":[{"href":"https:\/\/www.indigoverona.com\/it\/wp-json\/wp\/v2\/pages"}],"about":[{"href":"https:\/\/www.indigoverona.com\/it\/wp-json\/wp\/v2\/types\/page"}],"author":[{"embeddable":true,"href":"https:\/\/www.indigoverona.com\/it\/wp-json\/wp\/v2\/users\/7"}],"replies":[{"embeddable":true,"href":"https:\/\/www.indigoverona.com\/it\/wp-json\/wp\/v2\/comments?post=324"}],"version-history":[{"count":0,"href":"https:\/\/www.indigoverona.com\/it\/wp-json\/wp\/v2\/pages\/324\/revisions"}],"wp:attachment":[{"href":"https:\/\/www.indigoverona.com\/it\/wp-json\/wp\/v2\/media?parent=324"}],"curies":[{"name":"wp","href":"https:\/\/api.w.org\/{rel}","templated":true}]}}